{"id":10102807,"date":"2024-03-04T21:23:09","date_gmt":"2024-03-04T20:23:09","guid":{"rendered":"https:\/\/www.projektwrzesnia.pl\/wordpress\/?page_id=10102807"},"modified":"2024-03-04T21:30:37","modified_gmt":"2024-03-04T20:30:37","slug":"program-dla-powiatu","status":"publish","type":"page","link":"https:\/\/www.projektwrzesnia.pl\/wordpress\/wybory\/powiat\/program-dla-powiatu\/","title":{"rendered":"Program dla Powiatu"},"content":{"rendered":"\n<p class=\"has-medium-font-size\" style=\"font-style:normal;font-weight:800\">PROGRAM WYBORCZY<\/p>\n\n\n\n<p>Przedstawiamy Wam nasz program dla Powiatu Wrzesi\u0144skiego. <\/p>\n\n\n\n<p>Skupiamy si\u0119 w nim na realizacji najistotniejszych potrzeb Mieszka\u0144c\u00f3w. Od tych najmniejszych i najprostrzych, z kt\u00f3rymi wszyscy spotykamy si\u0119 na co dzie\u0144, po te najbardziej z\u0142o\u017cone, wymagaj\u0105ce d\u0142ugoletniego planowania i konsekwencji. <\/p>\n\n\n\n<p>Nasz program jest zbiorem rozwi\u0105za\u0144, wypracowanym przez kilka lat naszego dzia\u0142ania na rzecz lokalnej spo\u0142eczno\u015bci. Od blisko 10 lat realizujemy projekty z r\u00f3\u017cnych obszar\u00f3w \u017cycia spo\u0142ecznego. Wszystkie one &#8211; uzupe\u0142nione setkami rozm\u00f3w z mieszka\u0144cami &#8211; sk\u0142adaj\u0105 si\u0119 na ca\u0142o\u015bciowy projekt dla gminy, kt\u00f3ry tworzy sp\u00f3jn\u0105 wizj\u0119 stawiaj\u0105c\u0105 przede wszystkim na swoich Mieszka\u0144c\u00f3w.<\/p>\n\n\n\n<p class=\"has-small-font-size\" style=\"font-style:normal;font-weight:800\">Kliknij w ka\u017cdy kafelek, \u017ceby dowiedzie\u0107 si\u0119 o szczeg\u00f3\u0142ach programu.<\/p>\n\n\n\n<div class=\"wp-block-columns is-layout-flex wp-container-core-columns-is-layout-9d6595d7 wp-block-columns-is-layout-flex\">\n<div class=\"wp-block-column is-layout-flow wp-block-column-is-layout-flow\">\n<figure class=\"wp-block-image size-medium\"><a href=\"https:\/\/www.projektwrzesnia.pl\/wordpress\/wybory\/powiat\/projekt-komunikacja\"><img width=\"300\" height=\"230\" \nonmouseover=\"this.src='https:\/\/www.projektwrzesnia.pl\/wordpress\/wp-content\/uploads\/2024\/02\/pow_komunikacja2-e1708086934938.png'\nthis.srcset='https:\/\/www.projektwrzesnia.pl\/wordpress\/wp-content\/uploads\/2024\/02\/pow_komunikacja2-e1708086934938.png'\"\nonmouseout=\"this.src='https:\/\/www.projektwrzesnia.pl\/wordpress\/wp-content\/uploads\/2024\/02\/pow_komunikacja1-300x230.png'\nthis.srcset='https:\/\/www.projektwrzesnia.pl\/wordpress\/wp-content\/uploads\/2024\/02\/pow_komunikacja1-300x230.png'\"\nsrc=\"https:\/\/www.projektwrzesnia.pl\/wordpress\/wp-content\/uploads\/2024\/02\/pow_komunikacja1-300x230.png\"\nsrcset=\"https:\/\/www.projektwrzesnia.pl\/wordpress\/wp-content\/uploads\/2024\/02\/pow_komunikacja1-300x230.png\" alt=\"\" class=\"wp-image-10102098\" srcset=\"https:\/\/www.projektwrzesnia.pl\/wordpress\/wp-content\/uploads\/2024\/02\/pow_komunikacja1-300x230.png 300w, https:\/\/www.projektwrzesnia.pl\/wordpress\/wp-content\/uploads\/2024\/02\/pow_komunikacja1-1024x786.png 1024w, https:\/\/www.projektwrzesnia.pl\/wordpress\/wp-content\/uploads\/2024\/02\/pow_komunikacja1-768x589.png 768w, https:\/\/www.projektwrzesnia.pl\/wordpress\/wp-content\/uploads\/2024\/02\/pow_komunikacja1-1536x1179.png 1536w, https:\/\/www.projektwrzesnia.pl\/wordpress\/wp-content\/uploads\/2024\/02\/pow_komunikacja1-2048x1572.png 2048w\" sizes=\"(max-width: 300px) 100vw, 300px\" \/><\/a><\/figure>\n\n\n\n<ul class=\"wp-block-list\">\n<li>komunikacja autobusowa w powiecie<\/li>\n\n\n\n<li>remont dr\u00f3g powiatowych<\/li>\n\n\n\n<li>sp\u00f3jne \u015bcie\u017cki rowerowe<\/li>\n\n\n\n<li>wiaty rowerowe przy szko\u0142ach<\/li>\n<\/ul>\n<\/div>\n\n\n\n<div class=\"wp-block-column is-layout-flow wp-block-column-is-layout-flow\">\n<figure class=\"wp-block-image size-medium\"><a href=\"https:\/\/www.projektwrzesnia.pl\/wordpress\/wybory\/powiat\/projekt-przestrzen\/\"><img width=\"300\" height=\"230\" \nonmouseover=\"this.src='https:\/\/www.projektwrzesnia.pl\/wordpress\/wp-content\/uploads\/2024\/02\/pow_przestrzen2-e1708086969264.png'\nthis.srcset='https:\/\/www.projektwrzesnia.pl\/wordpress\/wp-content\/uploads\/2024\/02\/pow_przestrzen2-e1708086969264.png'\"\nonmouseout=\"this.src='https:\/\/www.projektwrzesnia.pl\/wordpress\/wp-content\/uploads\/2024\/02\/pow_przestrzen1-300x230.png'\nthis.srcset='https:\/\/www.projektwrzesnia.pl\/wordpress\/wp-content\/uploads\/2024\/02\/pow_przestrzen1-300x230.png'\"\nsrc=\"https:\/\/www.projektwrzesnia.pl\/wordpress\/wp-content\/uploads\/2024\/02\/pow_przestrzen1-300x230.png\"\nsrcset=\"https:\/\/www.projektwrzesnia.pl\/wordpress\/wp-content\/uploads\/2024\/02\/pow_przestrzen1-300x230.png\" alt=\"\" class=\"wp-image-10102103\"\/><\/a><\/figure>\n\n\n\n<ul class=\"wp-block-list\">\n<li>ziele\u0144 wok\u00f3\u0142 szpitala, zw\u0142aszcza od strony ul. Legii Wrzesi\u0144skiej<\/li>\n\n\n\n<li>wi\u0119cej las\u00f3w<\/li>\n\n\n\n<li>uporz\u0105dkowanie chaosu reklamowego<\/li>\n<\/ul>\n<\/div>\n\n\n\n<div class=\"wp-block-column is-layout-flow wp-block-column-is-layout-flow\">\n<figure class=\"wp-block-image size-medium\"><a href=\"https:\/\/www.projektwrzesnia.pl\/wordpress\/wybory\/powiat\/projekt-mieszkancy\/\"><img width=\"300\" height=\"230\" \nonmouseover=\"this.src='https:\/\/www.projektwrzesnia.pl\/wordpress\/wp-content\/uploads\/2024\/02\/pow_mieszkancy2-e1708086913533.png'\nthis.srcset='https:\/\/www.projektwrzesnia.pl\/wordpress\/wp-content\/uploads\/2024\/02\/pow_mieszkancy2-e1708086913533.png'\"\nonmouseout=\"this.src='https:\/\/www.projektwrzesnia.pl\/wordpress\/wp-content\/uploads\/2024\/02\/pow_mieszkancy1-300x230.png'\nthis.srcset='https:\/\/www.projektwrzesnia.pl\/wordpress\/wp-content\/uploads\/2024\/02\/pow_mieszkancy1-300x230.png'\"\nsrc=\"https:\/\/www.projektwrzesnia.pl\/wordpress\/wp-content\/uploads\/2024\/02\/pow_mieszkancy1-300x230.png\"\nsrcset=\"https:\/\/www.projektwrzesnia.pl\/wordpress\/wp-content\/uploads\/2024\/02\/pow_mieszkancy1-300x230.png\" alt=\"\" class=\"wp-image-10102102\" srcset=\"https:\/\/www.projektwrzesnia.pl\/wordpress\/wp-content\/uploads\/2024\/02\/pow_mieszkancy1-300x230.png 300w, https:\/\/www.projektwrzesnia.pl\/wordpress\/wp-content\/uploads\/2024\/02\/pow_mieszkancy1-1024x786.png 1024w, https:\/\/www.projektwrzesnia.pl\/wordpress\/wp-content\/uploads\/2024\/02\/pow_mieszkancy1-768x589.png 768w, https:\/\/www.projektwrzesnia.pl\/wordpress\/wp-content\/uploads\/2024\/02\/pow_mieszkancy1-1536x1179.png 1536w, https:\/\/www.projektwrzesnia.pl\/wordpress\/wp-content\/uploads\/2024\/02\/pow_mieszkancy1-2048x1572.png 2048w\" sizes=\"(max-width: 300px) 100vw, 300px\" \/><\/a><\/figure>\n\n\n\n<ul class=\"wp-block-list\">\n<li>wsparcie szpitala &#8211; pomoc psychologiczna dla uczni\u00f3w, nauczycieli i rodzic\u00f3w<\/li>\n\n\n\n<li>wsparcie wychowank\u00f3w domu dziecka<\/li>\n\n\n\n<li>podwy\u017cki dla nauczycieli<\/li>\n<\/ul>\n<\/div>\n<\/div>\n\n\n\n<div class=\"wp-block-columns are-vertically-aligned-top is-layout-flex wp-container-core-columns-is-layout-9d6595d7 wp-block-columns-is-layout-flex\">\n<div class=\"wp-block-column is-vertically-aligned-top is-layout-flow wp-block-column-is-layout-flow\">\n<figure class=\"wp-block-image size-medium\"><a href=\"https:\/\/www.projektwrzesnia.pl\/wordpress\/wybory\/powiat\/projekt-rozwoj\/\"><img width=\"300\" height=\"230\" \nonmouseover=\"this.src='https:\/\/www.projektwrzesnia.pl\/wordpress\/wp-content\/uploads\/2024\/02\/pow_rozwoj2-e1708086982354.png'\nthis.srcset='https:\/\/www.projektwrzesnia.pl\/wordpress\/wp-content\/uploads\/2024\/02\/pow_rozwoj2-e1708086982354.png'\"\nonmouseout=\"this.src='https:\/\/www.projektwrzesnia.pl\/wordpress\/wp-content\/uploads\/2024\/02\/pow_rozwoj1-300x230.png'\nthis.srcset='https:\/\/www.projektwrzesnia.pl\/wordpress\/wp-content\/uploads\/2024\/02\/pow_rozwoj1-300x230.png'\"\nsrc=\"https:\/\/www.projektwrzesnia.pl\/wordpress\/wp-content\/uploads\/2024\/02\/pow_rozwoj1-300x230.png\"\nsrcset=\"https:\/\/www.projektwrzesnia.pl\/wordpress\/wp-content\/uploads\/2024\/02\/pow_rozwoj1-300x230.png\" alt=\"\" class=\"wp-image-10102105\" srcset=\"https:\/\/www.projektwrzesnia.pl\/wordpress\/wp-content\/uploads\/2024\/02\/pow_rozwoj1-300x230.png 300w, https:\/\/www.projektwrzesnia.pl\/wordpress\/wp-content\/uploads\/2024\/02\/pow_rozwoj1-1024x786.png 1024w, https:\/\/www.projektwrzesnia.pl\/wordpress\/wp-content\/uploads\/2024\/02\/pow_rozwoj1-768x589.png 768w, https:\/\/www.projektwrzesnia.pl\/wordpress\/wp-content\/uploads\/2024\/02\/pow_rozwoj1-1536x1179.png 1536w, https:\/\/www.projektwrzesnia.pl\/wordpress\/wp-content\/uploads\/2024\/02\/pow_rozwoj1-2048x1572.png 2048w\" sizes=\"(max-width: 300px) 100vw, 300px\" \/><\/a><\/figure>\n\n\n\n<ul class=\"wp-block-list\">\n<li>punkt wsparcia dla lokalnych przedsi\u0119biorc\u00f3w<\/li>\n\n\n\n<li>nowoczesna edukacja zawodowa<\/li>\n\n\n\n<li>ochrona rolnictwa przed susz\u0105<\/li>\n<\/ul>\n<\/div>\n\n\n\n<div class=\"wp-block-column is-vertically-aligned-top is-layout-flow wp-block-column-is-layout-flow\">\n<figure class=\"wp-block-image size-medium\"><a href=\"https:\/\/www.projektwrzesnia.pl\/wordpress\/wybory\/powiat\/projekt-kultura\/\"><img width=\"300\" height=\"230\" \nonmouseover=\"this.src='https:\/\/www.projektwrzesnia.pl\/wordpress\/wp-content\/uploads\/2024\/02\/pow_kultura2-e1708086951740.png'\nthis.srcset='https:\/\/www.projektwrzesnia.pl\/wordpress\/wp-content\/uploads\/2024\/02\/pow_kultura2-e1708086951740.png'\"\nonmouseout=\"this.src='https:\/\/www.projektwrzesnia.pl\/wordpress\/wp-content\/uploads\/2024\/02\/pow_kultura1-300x230.png'\nthis.srcset='https:\/\/www.projektwrzesnia.pl\/wordpress\/wp-content\/uploads\/2024\/02\/pow_kultura1-300x230.png'\"\nsrc=\"https:\/\/www.projektwrzesnia.pl\/wordpress\/wp-content\/uploads\/2024\/02\/pow_kultura1-300x230.png\"\nsrcset=\"https:\/\/www.projektwrzesnia.pl\/wordpress\/wp-content\/uploads\/2024\/02\/pow_kultura1-300x230.png\" alt=\"\" class=\"wp-image-10102100\" srcset=\"https:\/\/www.projektwrzesnia.pl\/wordpress\/wp-content\/uploads\/2024\/02\/pow_kultura1-300x230.png 300w, https:\/\/www.projektwrzesnia.pl\/wordpress\/wp-content\/uploads\/2024\/02\/pow_kultura1-1024x786.png 1024w, https:\/\/www.projektwrzesnia.pl\/wordpress\/wp-content\/uploads\/2024\/02\/pow_kultura1-768x589.png 768w, https:\/\/www.projektwrzesnia.pl\/wordpress\/wp-content\/uploads\/2024\/02\/pow_kultura1-1536x1179.png 1536w, https:\/\/www.projektwrzesnia.pl\/wordpress\/wp-content\/uploads\/2024\/02\/pow_kultura1-2048x1572.png 2048w\" sizes=\"(max-width: 300px) 100vw, 300px\" \/><\/a><\/figure>\n\n\n\n<ul class=\"wp-block-list\">\n<li>nowa szko\u0142a muzyczna<\/li>\n\n\n\n<li>stypendia kulturalne<\/li>\n\n\n\n<li>promocja najwi\u0119kszego grodziska piastowskiego w Grzybowie<\/li>\n<\/ul>\n<\/div>\n\n\n\n<div class=\"wp-block-column is-vertically-aligned-top is-layout-flow wp-block-column-is-layout-flow\">\n<figure class=\"wp-block-image size-medium\"><a href=\"https:\/\/www.projektwrzesnia.pl\/wordpress\/wybory\/powiat\/projekt-sport\/\"><img width=\"300\" height=\"230\" \nonmouseover=\"this.src='https:\/\/www.projektwrzesnia.pl\/wordpress\/wp-content\/uploads\/2024\/02\/pow_sport2-e1708086996607.png'\nthis.srcset='https:\/\/www.projektwrzesnia.pl\/wordpress\/wp-content\/uploads\/2024\/02\/pow_sport2-e1708086996607.png'\"\nonmouseout=\"this.src='https:\/\/www.projektwrzesnia.pl\/wordpress\/wp-content\/uploads\/2024\/02\/pow_sport-300x230.png'\nthis.srcset='https:\/\/www.projektwrzesnia.pl\/wordpress\/wp-content\/uploads\/2024\/02\/pow_sport-300x230.png'\"\nsrc=\"https:\/\/www.projektwrzesnia.pl\/wordpress\/wp-content\/uploads\/2024\/02\/pow_sport-300x230.png\"\nsrcset=\"https:\/\/www.projektwrzesnia.pl\/wordpress\/wp-content\/uploads\/2024\/02\/pow_sport-300x230.png\" alt=\"\" class=\"wp-image-10102107\" srcset=\"https:\/\/www.projektwrzesnia.pl\/wordpress\/wp-content\/uploads\/2024\/02\/pow_sport-300x230.png 300w, https:\/\/www.projektwrzesnia.pl\/wordpress\/wp-content\/uploads\/2024\/02\/pow_sport-1024x786.png 1024w, https:\/\/www.projektwrzesnia.pl\/wordpress\/wp-content\/uploads\/2024\/02\/pow_sport-768x589.png 768w, https:\/\/www.projektwrzesnia.pl\/wordpress\/wp-content\/uploads\/2024\/02\/pow_sport-1536x1179.png 1536w, https:\/\/www.projektwrzesnia.pl\/wordpress\/wp-content\/uploads\/2024\/02\/pow_sport-2048x1572.png 2048w\" sizes=\"(max-width: 300px) 100vw, 300px\" \/><\/a><\/figure>\n\n\n\n<ul class=\"wp-block-list\">\n<li>wy\u017csze wsparcie finansowe dla trener\u00f3w i sportowc\u00f3w<\/li>\n\n\n\n<li>promocja turystyki (piesze i rowerowe szlaki)<\/li>\n\n\n\n<li>budowa sali sportowej przy Zespole Szk\u00f3\u0142 Specjalnych<\/li>\n\n\n\n<li>rozbudowa infrastruktury sportowej<\/li>\n<\/ul>\n<\/div>\n<\/div>\n\n\n\n<div class=\"wp-block-buttons is-layout-flex wp-block-buttons-is-layout-flex\">\n<div class=\"wp-block-button is-style-outline is-style-outline--1\"><a class=\"wp-block-button__link has-white-color has-text-color has-background has-link-color wp-element-button\" href=\"https:\/\/www.projektwrzesnia.pl\/wordpress\/wybory\/\" style=\"background-color:#28a314\">Powr\u00f3t<\/a><\/div>\n<\/div>\n","protected":false},"excerpt":{"rendered":"<p>PROGRAM WYBORCZY Przedstawiamy Wam nasz program dla Powiatu Wrzesi\u0144skiego. Skupiamy si\u0119 w nim na realizacji najistotniejszych potrzeb Mieszka\u0144c\u00f3w. Od tych najmniejszych i najprostrzych, z kt\u00f3rymi wszyscy spotykamy si\u0119 na co dzie\u0144, po te najbardziej z\u0142o\u017cone, wymagaj\u0105ce d\u0142ugoletniego planowania i konsekwencji. Nasz program jest zbiorem rozwi\u0105za\u0144, wypracowanym przez kilka lat naszego dzia\u0142ania na rzecz lokalnej spo\u0142eczno\u015bci. [&hellip;]<\/p>\n","protected":false},"author":4,"featured_media":0,"parent":10102035,"menu_order":0,"comment_status":"closed","ping_status":"closed","template":"","meta":{"_acf_changed":false,"footnotes":""},"class_list":["post-10102807","page","type-page","status-publish","hentry"],"acf":[],"_links":{"self":[{"href":"https:\/\/www.projektwrzesnia.pl\/wordpress\/wp-json\/wp\/v2\/pages\/10102807","targetHints":{"allow":["GET"]}}],"collection":[{"href":"https:\/\/www.projektwrzesnia.pl\/wordpress\/wp-json\/wp\/v2\/pages"}],"about":[{"href":"https:\/\/www.projektwrzesnia.pl\/wordpress\/wp-json\/wp\/v2\/types\/page"}],"author":[{"embeddable":true,"href":"https:\/\/www.projektwrzesnia.pl\/wordpress\/wp-json\/wp\/v2\/users\/4"}],"replies":[{"embeddable":true,"href":"https:\/\/www.projektwrzesnia.pl\/wordpress\/wp-json\/wp\/v2\/comments?post=10102807"}],"version-history":[{"count":4,"href":"https:\/\/www.projektwrzesnia.pl\/wordpress\/wp-json\/wp\/v2\/pages\/10102807\/revisions"}],"predecessor-version":[{"id":10102818,"href":"https:\/\/www.projektwrzesnia.pl\/wordpress\/wp-json\/wp\/v2\/pages\/10102807\/revisions\/10102818"}],"up":[{"embeddable":true,"href":"https:\/\/www.projektwrzesnia.pl\/wordpress\/wp-json\/wp\/v2\/pages\/10102035"}],"wp:attachment":[{"href":"https:\/\/www.projektwrzesnia.pl\/wordpress\/wp-json\/wp\/v2\/media?parent=10102807"}],"curies":[{"name":"wp","href":"https:\/\/api.w.org\/{rel}","templated":true}]}}